{"id":12,"date":"2021-04-17T05:58:24","date_gmt":"2021-04-17T05:58:24","guid":{"rendered":"https:\/\/fundacionpdn.org\/?page_id=12"},"modified":"2026-04-07T17:48:55","modified_gmt":"2026-04-07T17:48:55","slug":"iniciativas","status":"publish","type":"page","link":"https:\/\/fundacionpdn.org\/en\/iniciativas\/","title":{"rendered":"Initiatives"},"content":{"rendered":"<p>[et_pb_section fb_built=&#8221;1&#8243; _builder_version=&#8221;4.27.0&#8243; _module_preset=&#8221;default&#8221; background_image=&#8221;https:\/\/fundacionpdn.org\/wp-content\/uploads\/2021\/04\/Iniciativas-Fondo.jpg&#8221; min_height=&#8221;490px&#8221; global_colors_info=&#8221;{}&#8221;][\/et_pb_section][et_pb_section fb_built=&#8221;1&#8243; fullwidth=&#8221;on&#8221; _builder_version=&#8221;4.16&#8243; _module_preset=&#8221;default&#8221; global_colors_info=&#8221;{}&#8221;][et_pb_fullwidth_header _builder_version=&#8221;4.27.0&#8243; _module_preset=&#8221;default&#8221; content_font=&#8221;Montserrat|700|||||||&#8221; content_text_align=&#8221;center&#8221; content_font_size=&#8221;25px&#8221; content_line_height=&#8221;1.5em&#8221; background_color=&#8221;#00457A&#8221; global_colors_info=&#8221;{}&#8221;]<\/p>\n<p><span style=\"font-weight: 400;\">Trabajamos de manera colectiva con otras organizaciones, empresas y l\u00edderes de nuestra comunidad para desarrollar programas o fondos filantr\u00f3picos que eleven la calidad de vida en Ciudad Ju\u00e1rez.<\/span><\/p>\n<p>[\/et_pb_fullwidth_header][\/et_pb_section][et_pb_section fb_built=&#8221;1&#8243; _builder_version=&#8221;4.16&#8243; _module_preset=&#8221;default&#8221; custom_padding=&#8221;||87px|||&#8221; global_colors_info=&#8221;{}&#8221;][et_pb_row _builder_version=&#8221;4.16&#8243; _module_preset=&#8221;default&#8221; global_colors_info=&#8221;{}&#8221;][et_pb_column type=&#8221;4_4&#8243; _builder_version=&#8221;4.16&#8243; _module_preset=&#8221;default&#8221; global_colors_info=&#8221;{}&#8221;][et_pb_text _builder_version=&#8221;4.27.0&#8243; _module_preset=&#8221;default&#8221; text_font=&#8221;Montserrat|700|||||||&#8221; text_font_size=&#8221;25px&#8221; text_orientation=&#8221;center&#8221; custom_padding=&#8221;||15px||false|false&#8221; border_color_bottom=&#8221;#6B6B6B&#8221; global_colors_info=&#8221;{}&#8221;]<\/p>\n<p>PROGRAMAS DE LA FUNDACI\u00d3N<\/p>\n<p>[\/et_pb_text][\/et_pb_column][\/et_pb_row][et_pb_row column_structure=&#8221;1_3,1_3,1_3&#8243; _builder_version=&#8221;4.27.0&#8243; _module_preset=&#8221;default&#8221; global_colors_info=&#8221;{}&#8221;][et_pb_column type=&#8221;1_3&#8243; _builder_version=&#8221;4.27.0&#8243; _module_preset=&#8221;default&#8221; global_colors_info=&#8221;{}&#8221;][et_pb_cta title=&#8221;RETO OSC&#8221; button_url=&#8221;https:\/\/fundacionpdn.org\/reto-por-la-salud\/&#8221; button_text=&#8221;CONOCER M\u00c1S&#8221; _builder_version=&#8221;4.27.0&#8243; _module_preset=&#8221;default&#8221; body_font_size=&#8221;15px&#8221; global_colors_info=&#8221;{}&#8221;]<\/p>\n<p>Convocatoria anual para donatarias autorizadas en Ciudad Ju\u00e1rez en la que participan en un reto de procuraci\u00f3n de fondos. Por cada dos pesos que cada OSC re\u00fane, la Fundaci\u00f3n invierte un peso adicional para apoyar sus programas sociales.<\/p>\n<p>[\/et_pb_cta][\/et_pb_column][et_pb_column type=&#8221;1_3&#8243; _builder_version=&#8221;4.27.0&#8243; _module_preset=&#8221;default&#8221; global_colors_info=&#8221;{}&#8221;][et_pb_cta title=&#8221;ENTRELAZANDO REDES&#8221; button_url=&#8221;https:\/\/fundacionpdn.org\/aliados-contra-la-violencia\/&#8221; button_text=&#8221;CONOCER M\u00c1S&#8221; _builder_version=&#8221;4.27.0&#8243; _module_preset=&#8221;default&#8221; body_font_size=&#8221;15px&#8221; background_color=&#8221;#49027f&#8221; global_colors_info=&#8221;{}&#8221;]<\/p>\n<p>Estrategia multianual realizada en alianza con FICOSEC para financiar y fortalecer proyectos sociales que permitan prevenir y atender la violencia de g\u00e9nero y violencia sexual infantil en Ciudad Ju\u00e1rez.<\/p>\n<p>[\/et_pb_cta][\/et_pb_column][et_pb_column type=&#8221;1_3&#8243; _builder_version=&#8221;4.27.0&#8243; _module_preset=&#8221;default&#8221; global_colors_info=&#8221;{}&#8221;][et_pb_cta title=&#8221;JU\u00c1REZ EN ACCI\u00d3N&#8221; button_url=&#8221;https:\/\/fundacionpdn.org\/juarez-en-accion\/&#8221; button_text=&#8221;CONOCER M\u00c1S&#8221; _builder_version=&#8221;4.27.0&#8243; _module_preset=&#8221;default&#8221; body_font_size=&#8221;15px&#8221; background_color=&#8221;#5A64ED&#8221; global_colors_info=&#8221;{}&#8221;]<\/p>\n<p>Campa\u00f1a masiva realizada cada mes de septiembre para promover el voluntariado y la acci\u00f3n social. Miles de juarenses realizan actividades de limpieza y rescate de espacios, juego y deporte, bienestar integral y ayuda comunitaria.<\/p>\n<p>[\/et_pb_cta][\/et_pb_column][\/et_pb_row][et_pb_row column_structure=&#8221;1_3,1_3,1_3&#8243; _builder_version=&#8221;4.16&#8243; _module_preset=&#8221;default&#8221; custom_padding=&#8221;||40px|||&#8221; global_colors_info=&#8221;{}&#8221;][et_pb_column type=&#8221;1_3&#8243; _builder_version=&#8221;4.16&#8243; _module_preset=&#8221;default&#8221; global_colors_info=&#8221;{}&#8221;][et_pb_cta title=&#8221;ESCUELAS DE BIENESTAR&#8221; button_url=&#8221;https:\/\/fundacionpdn.org\/escuelas-de-bienestar\/&#8221; button_text=&#8221;CONOCER M\u00c1S&#8221; _builder_version=&#8221;4.27.0&#8243; _module_preset=&#8221;default&#8221; body_font_size=&#8221;15px&#8221; background_color=&#8221;#ffb414&#8243; global_colors_info=&#8221;{}&#8221;]<\/p>\n<p>Estrategia para capacitar y brindar material a docentes de Educaci\u00f3n F\u00edsica en una metodolog\u00eda para ense\u00f1ar valores y desarrollar habilidades a trav\u00e9s del juego y el deporte.<\/p>\n<p>[\/et_pb_cta][\/et_pb_column][et_pb_column type=&#8221;1_3&#8243; _builder_version=&#8221;4.16&#8243; _module_preset=&#8221;default&#8221; global_colors_info=&#8221;{}&#8221;][et_pb_cta title=&#8221;MY MACHINE&#8221; button_url=&#8221;https:\/\/fundacionpdn.org\/my-machine\/&#8221; button_text=&#8221;CONOCER M\u00c1S&#8221; _builder_version=&#8221;4.27.0&#8243; _module_preset=&#8221;default&#8221; body_font_size=&#8221;15px&#8221; background_color=&#8221;#b5c900&#8243; global_colors_info=&#8221;{}&#8221;]<\/p>\n<p>Programa para promover la creatividad, innovaci\u00f3n y la importancia de las ideas en ni\u00f1as y ni\u00f1os de primaria, estudiantes de universidad y carreras t\u00e9cnicas, a trav\u00e9s de la creaci\u00f3n de m\u00e1quinas de los sue\u00f1os.<\/p>\n<p>[\/et_pb_cta][\/et_pb_column][et_pb_column type=&#8221;1_3&#8243; _builder_version=&#8221;4.16&#8243; _module_preset=&#8221;default&#8221; global_colors_info=&#8221;{}&#8221;][et_pb_cta title=&#8221;REALIZE JU\u00c1REZ&#8221; button_url=&#8221;https:\/\/fundacionpdn.org\/realize&#8221; button_text=&#8221;CONOCER M\u00c1S&#8221; _builder_version=&#8221;4.27.0&#8243; _module_preset=&#8221;default&#8221; body_font_size=&#8221;15px&#8221; background_color=&#8221;rgba(191,11,122,0.92)&#8221; global_colors_info=&#8221;{}&#8221;]<\/p>\n<p>Programa de primer nivel para l\u00edderes de organizaciones para transformar su liderazgo y organizaciones. Este programa fue desarrollado por Paso del Norte Health Foundation y consultoras internacionales.<\/p>\n<p>[\/et_pb_cta][\/et_pb_column][\/et_pb_row][\/et_pb_section][et_pb_section fb_built=&#8221;1&#8243; prev_background_color=&#8221;#ffffff&#8221; _builder_version=&#8221;4.16&#8243; _module_preset=&#8221;default&#8221; use_background_color_gradient=&#8221;on&#8221; background_color_gradient_stops=&#8221;#d6d6d6 7%|#ffffff 37%&#8221; background_color_gradient_start=&#8221;#d6d6d6&#8243; background_color_gradient_start_position=&#8221;7%&#8221; background_color_gradient_end=&#8221;#ffffff&#8221; background_color_gradient_end_position=&#8221;37%&#8221; custom_padding=&#8221;66px||148px|||&#8221; top_divider_style=&#8221;mountains&#8221; top_divider_height=&#8221;41px&#8221; top_divider_repeat=&#8221;2x&#8221; bottom_divider_height=&#8221;66px&#8221; bottom_divider_repeat=&#8221;0x&#8221; global_colors_info=&#8221;{}&#8221;][et_pb_row disabled_on=&#8221;on|on|on&#8221; _builder_version=&#8221;4.16&#8243; _module_preset=&#8221;default&#8221; disabled=&#8221;on&#8221; global_colors_info=&#8221;{}&#8221;][et_pb_column type=&#8221;4_4&#8243; _builder_version=&#8221;4.16&#8243; _module_preset=&#8221;default&#8221; global_colors_info=&#8221;{}&#8221;][et_pb_text _builder_version=&#8221;4.16&#8243; _module_preset=&#8221;default&#8221; text_font=&#8221;Montserrat|700|||||||&#8221; text_font_size=&#8221;25px&#8221; text_orientation=&#8221;center&#8221; custom_padding=&#8221;||15px||false|false&#8221; border_color_all=&#8221;#E09900&#8243; border_width_bottom=&#8221;4px&#8221; global_colors_info=&#8221;{%22gcid-71eeac54-6b54-425f-b7a6-3ab3833e3a3d%22:%91%93}&#8221;]<\/p>\n<p>FONDOS FILANTR\u00d3PICOS<\/p>\n<p>[\/et_pb_text][\/et_pb_column][\/et_pb_row][et_pb_row column_structure=&#8221;1_3,1_3,1_3&#8243; disabled_on=&#8221;on|on|on&#8221; _builder_version=&#8221;4.16&#8243; _module_preset=&#8221;default&#8221; custom_padding=&#8221;||40px|||&#8221; disabled=&#8221;on&#8221; global_colors_info=&#8221;{}&#8221;][et_pb_column type=&#8221;1_3&#8243; _builder_version=&#8221;4.16&#8243; _module_preset=&#8221;default&#8221; global_colors_info=&#8221;{}&#8221;][et_pb_cta title=&#8221;Fondo Auxillium COVID&#8221; button_url=&#8221;https:\/\/fundacionpdn.org\/aliados-contra-la-violencia\/&#8221; button_text=&#8221;M\u00e1s Informaci\u00f3n&#8221; _builder_version=&#8221;4.16&#8243; _module_preset=&#8221;default&#8221; header_text_color=&#8221;#000000&#8243; body_text_color=&#8221;#000000&#8243; background_color=&#8221;#d1d1d1&#8243; custom_button=&#8221;on&#8221; button_text_color=&#8221;#000000&#8243; height=&#8221;110px&#8221; border_radii=&#8221;on|18px|18px|18px|18px&#8221; box_shadow_style=&#8221;preset3&#8243; box_shadow_blur=&#8221;7px&#8221; box_shadow_spread=&#8221;-11px&#8221; global_colors_info=&#8221;{}&#8221; max_height__hover_enabled=&#8221;on|desktop&#8221; height__hover_enabled=&#8221;on|hover&#8221; height__hover=&#8221;445px&#8221;]<\/p>\n<p>&nbsp;<\/p>\n<p>Como una fundaci\u00f3n que responde a las necesidades y situaciones de crisis en la comunidad, se estableci\u00f3 este fondo como respuesta a la pandemia de COVID-19. Gracias a lo recaudado en este fondo pudimos apoyar con insumos y equipamiento al sector salud y apoyar en las campa\u00f1as de vacunaci\u00f3n.<\/p>\n<p>[\/et_pb_cta][\/et_pb_column][et_pb_column type=&#8221;1_3&#8243; _builder_version=&#8221;4.16&#8243; _module_preset=&#8221;default&#8221; global_colors_info=&#8221;{}&#8221;][et_pb_cta title=&#8221;Cancer Pink Boutique&#8221; button_url=&#8221;https:\/\/fundacionpdn.org\/reto-por-la-salud\/&#8221; button_text=&#8221;M\u00e1s Informaci\u00f3n&#8221; _builder_version=&#8221;4.16&#8243; _module_preset=&#8221;default&#8221; header_text_color=&#8221;#000000&#8243; body_text_color=&#8221;#000000&#8243; background_color=&#8221;#d1d1d1&#8243; custom_button=&#8221;on&#8221; button_text_color=&#8221;#000000&#8243; height=&#8221;110px&#8221; border_radii=&#8221;on|18px|18px|18px|18px&#8221; box_shadow_style=&#8221;preset3&#8243; box_shadow_blur=&#8221;7px&#8221; box_shadow_spread=&#8221;-11px&#8221; global_colors_info=&#8221;{}&#8221; max_height__hover_enabled=&#8221;on|desktop&#8221; height__hover_enabled=&#8221;on|hover&#8221; height__hover=&#8221;445px&#8221;]<\/p>\n<p>&nbsp;<\/p>\n<p>Este fondo fue establecido en alianza con Rio Grande Cancer Foundation para apoyar a SADEC-FEMAP en el desarrollo y apertura de la primera Pink Boutique en Ju\u00e1rez y ofrecer a mujeres pacientes y sobrevivientes de c\u00e1ncer un acompa\u00f1amiento psicol\u00f3gico c\u00e1lido y acceso a pr\u00f3tesis y vestimenta especial.<\/p>\n<p>[\/et_pb_cta][\/et_pb_column][et_pb_column type=&#8221;1_3&#8243; _builder_version=&#8221;4.16&#8243; _module_preset=&#8221;default&#8221; global_colors_info=&#8221;{}&#8221;][et_pb_cta title=&#8221;Fondo Terra Impacto Social&#8221; button_url=&#8221;https:\/\/fundacionpdn.org\/realize-liderazgo-transformacional\/&#8221; button_text=&#8221;M\u00e1s Informaci\u00f3n&#8221; _builder_version=&#8221;4.16&#8243; _module_preset=&#8221;default&#8221; header_text_color=&#8221;#000000&#8243; body_text_color=&#8221;#000000&#8243; background_color=&#8221;#d1d1d1&#8243; custom_button=&#8221;on&#8221; button_text_color=&#8221;#000000&#8243; height=&#8221;110px&#8221; border_radii=&#8221;on|18px|18px|18px|18px&#8221; box_shadow_style=&#8221;preset3&#8243; box_shadow_blur=&#8221;7px&#8221; box_shadow_spread=&#8221;-11px&#8221; global_colors_info=&#8221;{}&#8221; max_height__hover_enabled=&#8221;on|desktop&#8221; height__hover_enabled=&#8221;on|hover&#8221; height__hover=&#8221;445px&#8221;]<\/p>\n<p>&nbsp;<\/p>\n<p>En respuesta a necesidades y oportunidades de desarrollo social, Terrafina estableci\u00f3 este fondo para apoyar sus proyectos de responsabilidad social corporativa e incidir activamente en el desarrollo social del tejido social de Ciudad Ju\u00e1rez, aportando financiamiento y alianzas.<\/p>\n<p>[\/et_pb_cta][\/et_pb_column][\/et_pb_row][\/et_pb_section]<\/p>\n","protected":false},"excerpt":{"rendered":"<p>Trabajamos de manera colectiva con otras organizaciones, empresas y l\u00edderes de nuestra comunidad para desarrollar programas o fondos filantr\u00f3picos que eleven la calidad de vida en Ciudad Ju\u00e1rez.PROGRAMAS DE LA FUNDACI\u00d3NConvocatoria anual para donatarias autorizadas en Ciudad Ju\u00e1rez en la que participan en un reto de procuraci\u00f3n de fondos. Por cada dos pesos que cada [&hellip;]<\/p>\n","protected":false},"author":1,"featured_media":0,"parent":0,"menu_order":0,"comment_status":"closed","ping_status":"closed","template":"","meta":{"nf_dc_page":"","_et_pb_use_builder":"on","_et_pb_old_content":"<!-- wp:divi\/placeholder \/-->","_et_gb_content_width":"","_monsterinsights_skip_tracking":false,"_monsterinsights_sitenote_active":false,"_monsterinsights_sitenote_note":"","_monsterinsights_sitenote_category":0,"footnotes":""},"class_list":["post-12","page","type-page","status-publish","hentry"],"yoast_head":"<!-- This site is optimized with the Yoast SEO plugin v27.5 - https:\/\/yoast.com\/product\/yoast-seo-wordpress\/ -->\n<title>Iniciativas | Fundacion Paso del Norte<\/title>\n<meta name=\"robots\" content=\"index, follow, max-snippet:-1, max-image-preview:large, max-video-preview:-1\" \/>\n<link rel=\"canonical\" href=\"https:\/\/fundacionpdn.org\/en\/iniciativas\/\" \/>\n<meta property=\"og:locale\" content=\"en_US\" \/>\n<meta property=\"og:type\" content=\"article\" \/>\n<meta property=\"og:title\" content=\"Iniciativas | Fundacion Paso del Norte\" \/>\n<meta property=\"og:description\" content=\"Trabajamos de manera colectiva con otras organizaciones, empresas y l\u00edderes de nuestra comunidad para desarrollar programas o fondos filantr\u00f3picos que eleven la calidad de vida en Ciudad Ju\u00e1rez.PROGRAMAS DE LA FUNDACI\u00d3NConvocatoria anual para donatarias autorizadas en Ciudad Ju\u00e1rez en la que participan en un reto de procuraci\u00f3n de fondos. Por cada dos pesos que cada [&hellip;]\" \/>\n<meta property=\"og:url\" content=\"https:\/\/fundacionpdn.org\/en\/iniciativas\/\" \/>\n<meta property=\"og:site_name\" content=\"Fundacion Paso del Norte\" \/>\n<meta property=\"article:publisher\" content=\"https:\/\/facebook.com\/fundacionpdn\" \/>\n<meta property=\"article:modified_time\" content=\"2026-04-07T17:48:55+00:00\" \/>\n<meta property=\"og:image\" content=\"https:\/\/fundacionpdn.org\/wp-content\/uploads\/2023\/03\/SEO-Cover-FPDN.png\" \/>\n\t<meta property=\"og:image:width\" content=\"1200\" \/>\n\t<meta property=\"og:image:height\" content=\"675\" \/>\n\t<meta property=\"og:image:type\" content=\"image\/png\" \/>\n<meta name=\"twitter:card\" content=\"summary_large_image\" \/>\n<meta name=\"twitter:site\" content=\"@fundacionpdn\" \/>\n<meta name=\"twitter:label1\" content=\"Est. reading time\" \/>\n\t<meta name=\"twitter:data1\" content=\"7 minutes\" \/>\n<script type=\"application\/ld+json\" class=\"yoast-schema-graph\">{\"@context\":\"https:\\\/\\\/schema.org\",\"@graph\":[{\"@type\":\"WebPage\",\"@id\":\"https:\\\/\\\/fundacionpdn.org\\\/iniciativas\\\/\",\"url\":\"https:\\\/\\\/fundacionpdn.org\\\/iniciativas\\\/\",\"name\":\"Iniciativas | Fundacion Paso del Norte\",\"isPartOf\":{\"@id\":\"https:\\\/\\\/fundacionpdn.org\\\/#website\"},\"datePublished\":\"2021-04-17T05:58:24+00:00\",\"dateModified\":\"2026-04-07T17:48:55+00:00\",\"breadcrumb\":{\"@id\":\"https:\\\/\\\/fundacionpdn.org\\\/iniciativas\\\/#breadcrumb\"},\"inLanguage\":\"en-US\",\"potentialAction\":[{\"@type\":\"ReadAction\",\"target\":[\"https:\\\/\\\/fundacionpdn.org\\\/iniciativas\\\/\"]}]},{\"@type\":\"BreadcrumbList\",\"@id\":\"https:\\\/\\\/fundacionpdn.org\\\/iniciativas\\\/#breadcrumb\",\"itemListElement\":[{\"@type\":\"ListItem\",\"position\":1,\"name\":\"Home\",\"item\":\"https:\\\/\\\/fundacionpdn.org\\\/\"},{\"@type\":\"ListItem\",\"position\":2,\"name\":\"Iniciativas\"}]},{\"@type\":\"WebSite\",\"@id\":\"https:\\\/\\\/fundacionpdn.org\\\/#website\",\"url\":\"https:\\\/\\\/fundacionpdn.org\\\/\",\"name\":\"Fundacion Paso del Norte\",\"description\":\"Organizaci\u00f3n sin fines de lucro en Ciudad Ju\u00e1rez\",\"publisher\":{\"@id\":\"https:\\\/\\\/fundacionpdn.org\\\/#organization\"},\"potentialAction\":[{\"@type\":\"SearchAction\",\"target\":{\"@type\":\"EntryPoint\",\"urlTemplate\":\"https:\\\/\\\/fundacionpdn.org\\\/?s={search_term_string}\"},\"query-input\":{\"@type\":\"PropertyValueSpecification\",\"valueRequired\":true,\"valueName\":\"search_term_string\"}}],\"inLanguage\":\"en-US\"},{\"@type\":\"Organization\",\"@id\":\"https:\\\/\\\/fundacionpdn.org\\\/#organization\",\"name\":\"Fundacion Paso del Norte\",\"url\":\"https:\\\/\\\/fundacionpdn.org\\\/\",\"logo\":{\"@type\":\"ImageObject\",\"inLanguage\":\"en-US\",\"@id\":\"https:\\\/\\\/fundacionpdn.org\\\/#\\\/schema\\\/logo\\\/image\\\/\",\"url\":\"https:\\\/\\\/fundacionpdn.org\\\/wp-content\\\/uploads\\\/2021\\\/04\\\/isotipoArtboard-4-e1618649901781.png\",\"contentUrl\":\"https:\\\/\\\/fundacionpdn.org\\\/wp-content\\\/uploads\\\/2021\\\/04\\\/isotipoArtboard-4-e1618649901781.png\",\"width\":1000,\"height\":226,\"caption\":\"Fundacion Paso del Norte\"},\"image\":{\"@id\":\"https:\\\/\\\/fundacionpdn.org\\\/#\\\/schema\\\/logo\\\/image\\\/\"},\"sameAs\":[\"https:\\\/\\\/facebook.com\\\/fundacionpdn\",\"https:\\\/\\\/x.com\\\/fundacionpdn\",\"https:\\\/\\\/www.youtube.com\\\/@fundacionpdn\",\"https:\\\/\\\/linkedin.com\\\/company\\\/fundacionpdn\"]}]}<\/script>\n<!-- \/ Yoast SEO plugin. -->","yoast_head_json":{"title":"Iniciativas | Fundacion Paso del Norte","robots":{"index":"index","follow":"follow","max-snippet":"max-snippet:-1","max-image-preview":"max-image-preview:large","max-video-preview":"max-video-preview:-1"},"canonical":"https:\/\/fundacionpdn.org\/en\/iniciativas\/","og_locale":"en_US","og_type":"article","og_title":"Iniciativas | Fundacion Paso del Norte","og_description":"Trabajamos de manera colectiva con otras organizaciones, empresas y l\u00edderes de nuestra comunidad para desarrollar programas o fondos filantr\u00f3picos que eleven la calidad de vida en Ciudad Ju\u00e1rez.PROGRAMAS DE LA FUNDACI\u00d3NConvocatoria anual para donatarias autorizadas en Ciudad Ju\u00e1rez en la que participan en un reto de procuraci\u00f3n de fondos. Por cada dos pesos que cada [&hellip;]","og_url":"https:\/\/fundacionpdn.org\/en\/iniciativas\/","og_site_name":"Fundacion Paso del Norte","article_publisher":"https:\/\/facebook.com\/fundacionpdn","article_modified_time":"2026-04-07T17:48:55+00:00","og_image":[{"width":1200,"height":675,"url":"https:\/\/fundacionpdn.org\/wp-content\/uploads\/2023\/03\/SEO-Cover-FPDN.png","type":"image\/png"}],"twitter_card":"summary_large_image","twitter_site":"@fundacionpdn","twitter_misc":{"Est. reading time":"7 minutes"},"schema":{"@context":"https:\/\/schema.org","@graph":[{"@type":"WebPage","@id":"https:\/\/fundacionpdn.org\/iniciativas\/","url":"https:\/\/fundacionpdn.org\/iniciativas\/","name":"Iniciativas | Fundacion Paso del Norte","isPartOf":{"@id":"https:\/\/fundacionpdn.org\/#website"},"datePublished":"2021-04-17T05:58:24+00:00","dateModified":"2026-04-07T17:48:55+00:00","breadcrumb":{"@id":"https:\/\/fundacionpdn.org\/iniciativas\/#breadcrumb"},"inLanguage":"en-US","potentialAction":[{"@type":"ReadAction","target":["https:\/\/fundacionpdn.org\/iniciativas\/"]}]},{"@type":"BreadcrumbList","@id":"https:\/\/fundacionpdn.org\/iniciativas\/#breadcrumb","itemListElement":[{"@type":"ListItem","position":1,"name":"Home","item":"https:\/\/fundacionpdn.org\/"},{"@type":"ListItem","position":2,"name":"Iniciativas"}]},{"@type":"WebSite","@id":"https:\/\/fundacionpdn.org\/#website","url":"https:\/\/fundacionpdn.org\/","name":"Fundacion Paso del Norte","description":"Organizaci\u00f3n sin fines de lucro en Ciudad Ju\u00e1rez","publisher":{"@id":"https:\/\/fundacionpdn.org\/#organization"},"potentialAction":[{"@type":"SearchAction","target":{"@type":"EntryPoint","urlTemplate":"https:\/\/fundacionpdn.org\/?s={search_term_string}"},"query-input":{"@type":"PropertyValueSpecification","valueRequired":true,"valueName":"search_term_string"}}],"inLanguage":"en-US"},{"@type":"Organization","@id":"https:\/\/fundacionpdn.org\/#organization","name":"Fundacion Paso del Norte","url":"https:\/\/fundacionpdn.org\/","logo":{"@type":"ImageObject","inLanguage":"en-US","@id":"https:\/\/fundacionpdn.org\/#\/schema\/logo\/image\/","url":"https:\/\/fundacionpdn.org\/wp-content\/uploads\/2021\/04\/isotipoArtboard-4-e1618649901781.png","contentUrl":"https:\/\/fundacionpdn.org\/wp-content\/uploads\/2021\/04\/isotipoArtboard-4-e1618649901781.png","width":1000,"height":226,"caption":"Fundacion Paso del Norte"},"image":{"@id":"https:\/\/fundacionpdn.org\/#\/schema\/logo\/image\/"},"sameAs":["https:\/\/facebook.com\/fundacionpdn","https:\/\/x.com\/fundacionpdn","https:\/\/www.youtube.com\/@fundacionpdn","https:\/\/linkedin.com\/company\/fundacionpdn"]}]}},"_links":{"self":[{"href":"https:\/\/fundacionpdn.org\/en\/wp-json\/wp\/v2\/pages\/12","targetHints":{"allow":["GET"]}}],"collection":[{"href":"https:\/\/fundacionpdn.org\/en\/wp-json\/wp\/v2\/pages"}],"about":[{"href":"https:\/\/fundacionpdn.org\/en\/wp-json\/wp\/v2\/types\/page"}],"author":[{"embeddable":true,"href":"https:\/\/fundacionpdn.org\/en\/wp-json\/wp\/v2\/users\/1"}],"replies":[{"embeddable":true,"href":"https:\/\/fundacionpdn.org\/en\/wp-json\/wp\/v2\/comments?post=12"}],"version-history":[{"count":5,"href":"https:\/\/fundacionpdn.org\/en\/wp-json\/wp\/v2\/pages\/12\/revisions"}],"predecessor-version":[{"id":4639,"href":"https:\/\/fundacionpdn.org\/en\/wp-json\/wp\/v2\/pages\/12\/revisions\/4639"}],"wp:attachment":[{"href":"https:\/\/fundacionpdn.org\/en\/wp-json\/wp\/v2\/media?parent=12"}],"curies":[{"name":"wp","href":"https:\/\/api.w.org\/{rel}","templated":true}]}}