{"id":1257,"date":"2022-07-05T07:27:33","date_gmt":"2022-07-05T07:27:33","guid":{"rendered":"https:\/\/fundacionpdn.org\/?page_id=1257"},"modified":"2025-04-15T04:57:54","modified_gmt":"2025-04-15T04:57:54","slug":"realize","status":"publish","type":"page","link":"https:\/\/fundacionpdn.org\/en\/realize\/","title":{"rendered":"REALIZE Executive Juarez"},"content":{"rendered":"<p>[et_pb_section fb_built=&#8221;1&#8243; _builder_version=&#8221;4.16&#8243; _module_preset=&#8221;default&#8221; global_colors_info=&#8221;{}&#8221;][et_pb_row _builder_version=&#8221;4.16&#8243; _module_preset=&#8221;default&#8221; global_colors_info=&#8221;{}&#8221;][et_pb_column type=&#8221;4_4&#8243; _builder_version=&#8221;4.16&#8243; _module_preset=&#8221;default&#8221; global_colors_info=&#8221;{}&#8221;][et_pb_text _builder_version=&#8221;4.16&#8243; _module_preset=&#8221;default&#8221; text_font=&#8221;Montserrat|600|||||||&#8221; text_font_size=&#8221;36px&#8221; text_line_height=&#8221;1.1em&#8221; header_font=&#8221;Montserrat||||||||&#8221; text_orientation=&#8221;center&#8221; global_colors_info=&#8221;{}&#8221;]<\/p>\n<p>REALIZE Liderazgo Transformacional<\/p>\n<p>[\/et_pb_text][\/et_pb_column][\/et_pb_row][et_pb_row _builder_version=&#8221;4.16&#8243; _module_preset=&#8221;default&#8221; global_colors_info=&#8221;{}&#8221;][et_pb_column type=&#8221;4_4&#8243; _builder_version=&#8221;4.16&#8243; _module_preset=&#8221;default&#8221; global_colors_info=&#8221;{}&#8221;][et_pb_divider divider_weight=&#8221;5px&#8221; _builder_version=&#8221;4.16&#8243; _module_preset=&#8221;default&#8221; global_colors_info=&#8221;{}&#8221;][\/et_pb_divider][\/et_pb_column][\/et_pb_row][et_pb_row _builder_version=&#8221;4.16&#8243; _module_preset=&#8221;default&#8221; custom_margin=&#8221;-22px|auto||auto||&#8221; global_colors_info=&#8221;{}&#8221;][et_pb_column type=&#8221;4_4&#8243; _builder_version=&#8221;4.16&#8243; _module_preset=&#8221;default&#8221; global_colors_info=&#8221;{}&#8221;][et_pb_text _builder_version=&#8221;4.16&#8243; _module_preset=&#8221;default&#8221; text_font_size=&#8221;18px&#8221; global_colors_info=&#8221;{}&#8221;]<\/p>\n<p>Realize es una experiencia \u00fanica de formaci\u00f3n y entrenamiento dirigida a l\u00edderes y altos directivos de organizaciones sociales e instituciones p\u00fablicas. Este programa de 10 meses de duraci\u00f3n brinda a sus participantes herramientas para dirigir sus organizaciones y transformar su liderazgo a trav\u00e9s de sesiones y retiros facilitados por entrenadores con experiencia nacional e internacional. Adem\u00e1s, los participantes reciben una evaluaci\u00f3n de 360 grados, coaching especializado en liderazgo y la oportunidad de formar parte de una red de directivos egresados del programa.<\/p>\n<p>Este programa ha sido implementado desde hace 8 a\u00f1os en El Paso por Paso del Norte Health Foundation y en el 2019 fue tra\u00eddo a Ciudad Ju\u00e1rez por primera vez. Para responder a las necesidades locales, los contenidos fueron revisados y actualizados y se gradu\u00f3 a la primera generaci\u00f3n del programa con excelentes resultados.<\/p>\n<p>Este programa se realiza por generaciones que arrancan con un proceso de nominaciones abiertas de las cuales se selecciona a una generaci\u00f3n de 20 l\u00edderes.<\/p>\n<p>&nbsp;<\/p>\n<p>[\/et_pb_text][et_pb_testimonial author=&#8221;REYNA VALDEZ&#8221; job_title=&#8221;Directora Ejecutiva, SABIC&#8221; portrait_url=&#8221;https:\/\/fundacionpdn.org\/wp-content\/uploads\/2022\/07\/Reyna-scaled.jpg&#8221; quote_icon_color=&#8221;#000000&#8243; _builder_version=&#8221;4.16&#8243; _module_preset=&#8221;default&#8221; body_text_color=&#8221;#930045&#8243; body_font_size=&#8221;18px&#8221; author_line_height=&#8221;1em&#8221; global_colors_info=&#8221;{}&#8221;]<\/p>\n<p>Vivir la experiencia de REALIZE me ayud\u00f3 a descubrir mis habilidades para ser y actuar como una l\u00edder. Me entreg\u00f3 herramientas y personas que fortalecieron este proceso y excelentes amistades que cultivar\u00e9 para mi futuro. REALIZE innov\u00f3 la forma en la que me miro a m\u00ed misma. Me ense\u00f1\u00f3 a verme y ver el potencial de cada persona&#8230;<\/p>\n<p>[\/et_pb_testimonial][et_pb_text _builder_version=&#8221;4.16&#8243; _module_preset=&#8221;default&#8221; text_font_size=&#8221;16px&#8221; ul_font_size=&#8221;17px&#8221; custom_padding=&#8221;||0px|||&#8221; global_colors_info=&#8221;{}&#8221;]<\/p>\n<h3 style=\"text-align: center;\">\u00bfQu\u00e9 ofrece la experiencia REALIZE?<\/h3>\n<ul>\n<li>Programa de diez meses de formaci\u00f3n continua.<\/li>\n<li>Evaluaci\u00f3n personalizada de competencias de liderazgo de 360 grados.<\/li>\n<li>Coaching ejecutivo individual orientado a desarrollar y afinar habilidades espec\u00edficas de liderazgo siguiendo un plan personalizado.<\/li>\n<li>Dos experiencias de retiros de capacitaci\u00f3n fuera de la ciudad.<\/li>\n<li>Sesiones de trabajo y capacitaci\u00f3n facilitadas por entrenadores con experiencia nacional e internacional.<\/li>\n<li>Oportunidad de involucrar a Consejos Directivos en capacitaciones paralelas.<\/li>\n<li>Libros y lecturas de soporte para fortalecer la experiencia formativa del programa.<\/li>\n<li>Formar parte de una red de directivos egresados del programa.<\/li>\n<\/ul>\n<p>[\/et_pb_text][\/et_pb_column][\/et_pb_row][et_pb_row _builder_version=&#8221;4.16&#8243; _module_preset=&#8221;default&#8221; global_colors_info=&#8221;{}&#8221;][et_pb_column type=&#8221;4_4&#8243; _builder_version=&#8221;4.16&#8243; _module_preset=&#8221;default&#8221; global_colors_info=&#8221;{}&#8221;][et_pb_button button_url=&#8221;https:\/\/fundacionpdn.org\/wp-content\/uploads\/2022\/07\/REALIZE-LT-Folleto.pdf&#8221; url_new_window=&#8221;on&#8221; button_text=&#8221;Descarga el folleto&#8221; button_alignment=&#8221;center&#8221; _builder_version=&#8221;4.16&#8243; _module_preset=&#8221;default&#8221; custom_button=&#8221;on&#8221; button_text_size=&#8221;23px&#8221; button_text_color=&#8221;#FFFFFF&#8221; button_bg_color=&#8221;#00457A&#8221; button_border_radius=&#8221;23px&#8221; button_font=&#8221;|600|||||||&#8221; button_icon=&#8221;&#x47;||divi||400&#8243; global_colors_info=&#8221;{}&#8221;][\/et_pb_button][\/et_pb_column][\/et_pb_row][et_pb_row _builder_version=&#8221;4.16&#8243; _module_preset=&#8221;default&#8221; global_colors_info=&#8221;{}&#8221;][et_pb_column type=&#8221;4_4&#8243; _builder_version=&#8221;4.16&#8243; _module_preset=&#8221;default&#8221; global_colors_info=&#8221;{}&#8221;][et_pb_text _builder_version=&#8221;4.27.0&#8243; _module_preset=&#8221;default&#8221; header_3_text_align=&#8221;center&#8221; hover_enabled=&#8221;0&#8243; global_colors_info=&#8221;{}&#8221; sticky_enabled=&#8221;0&#8243;]<\/p>\n<h1 style=\"text-align: center;\">Tercera Generaci\u00f3n de REALIZE<\/h1>\n<p>[\/et_pb_text][\/et_pb_column][\/et_pb_row][et_pb_row _builder_version=&#8221;4.16&#8243; _module_preset=&#8221;default&#8221; global_colors_info=&#8221;{}&#8221; custom_padding=&#8221;17px|||||&#8221;][et_pb_column type=&#8221;4_4&#8243; _builder_version=&#8221;4.16&#8243; _module_preset=&#8221;default&#8221; global_colors_info=&#8221;{}&#8221;][et_pb_image src=&#8221;https:\/\/fundacionpdn.org\/wp-content\/uploads\/2025\/04\/Realize-Tercera-Generacion-scaled.jpg&#8221; _builder_version=&#8221;4.27.0&#8243; _module_preset=&#8221;default&#8221; title_text=&#8221;Realize Tercera Generacion&#8221; hover_enabled=&#8221;0&#8243; sticky_enabled=&#8221;0&#8243;][\/et_pb_image][\/et_pb_column][\/et_pb_row][et_pb_row _builder_version=&#8221;4.16&#8243; _module_preset=&#8221;default&#8221; global_colors_info=&#8221;{}&#8221;][et_pb_column type=&#8221;4_4&#8243; _builder_version=&#8221;4.16&#8243; _module_preset=&#8221;default&#8221; global_colors_info=&#8221;{}&#8221;][et_pb_toggle title=&#8221;L\u00edderes que participan en REALIZE 3.0&#8243; _builder_version=&#8221;4.27.0&#8243; _module_preset=&#8221;default&#8221; hover_enabled=&#8221;0&#8243; sticky_enabled=&#8221;0&#8243; title_font_size=&#8221;20px&#8221; title_text_align=&#8221;center&#8221;]<\/p>\n<table>\n<tbody>\n<tr>\n<td style=\"width: 208px;\"><strong>Aidee Alvarado<\/strong><\/td>\n<td style=\"width: 388px;\"><span>Programa Educaci\u00f3n en Valores<\/span><\/td>\n<\/tr>\n<tr>\n<td style=\"width: 208px;\"><strong>Micaela Castillo<\/strong><\/td>\n<td style=\"width: 388px;\"><span>Organizaci\u00f3n Popular Independiente<\/span><\/td>\n<\/tr>\n<tr>\n<td style=\"width: 208px;\"><strong>Ver\u00f3nica Corchado<\/strong><\/td>\n<td style=\"width: 388px;\"><span>Colectiva Arte Comunidad y Equidad<\/span><\/td>\n<\/tr>\n<tr>\n<td style=\"width: 208px;\"><strong>Fabi\u00e1n Escare\u00f1o<\/strong><\/td>\n<td style=\"width: 388px;\"><span>CONREDES<\/span><\/td>\n<\/tr>\n<tr>\n<td style=\"width: 208px;\"><strong>Ana Fierro<\/strong><\/td>\n<td style=\"width: 388px;\"><span>Competitividad Laboral<\/span><\/td>\n<\/tr>\n<tr>\n<td style=\"width: 208px;\"><strong>Cecilia Flores<\/strong><\/td>\n<td style=\"width: 388px;\"><span>Paz y Convivencia Ciudadana<\/span><\/td>\n<\/tr>\n<tr>\n<td style=\"width: 208px;\"><strong>Natalia Gonz\u00e1lez <\/strong><\/td>\n<td style=\"width: 388px;\"><span>Museo de Arte de Cd. Ju\u00e1rez<\/span><\/td>\n<\/tr>\n<tr>\n<td style=\"width: 208px;\"><strong>Dora Isela Hern\u00e1ndez<\/strong><\/td>\n<td style=\"width: 388px;\"><span>Comisi\u00f3n Estatal de los Derechos Humanos<\/span><\/td>\n<\/tr>\n<tr>\n<td style=\"width: 208px;\"><strong>Alba Karina Ju\u00e1rez<\/strong><\/td>\n<td style=\"width: 388px;\"><span>Johnson &amp; Johnson<\/span><\/td>\n<\/tr>\n<tr>\n<td style=\"width: 208px;\"><strong>Pamela Loya<\/strong><\/td>\n<td style=\"width: 388px;\"><span>International Youth Foundation<\/span><\/td>\n<\/tr>\n<tr>\n<td style=\"width: 208px;\"><strong>Victoria Naranjos<\/strong><\/td>\n<td style=\"width: 388px;\"><span>Intelia Producciones<\/span><\/td>\n<\/tr>\n<tr>\n<td style=\"width: 208px;\"><strong>Cynthia Ortega<\/strong><\/td>\n<td style=\"width: 388px;\"><span>FICOSEC<\/span><\/td>\n<\/tr>\n<tr>\n<td style=\"width: 208px;\"><strong>No\u00e9 Polanco<\/strong><\/td>\n<td style=\"width: 388px;\"><span>Asociaci\u00f3n Cultural de Proyectos de Arte<\/span><\/td>\n<\/tr>\n<tr>\n<td style=\"width: 208px;\"><strong>Brenda Rodr\u00edguez<\/strong><\/td>\n<td style=\"width: 388px;\"><span>PYMAIS<\/span><\/td>\n<\/tr>\n<tr>\n<td style=\"width: 208px;\"><strong>Lennys Cristina S\u00e1nchez<\/strong><\/td>\n<td style=\"width: 388px;\"><span>FUNAX<\/span><\/td>\n<\/tr>\n<tr>\n<td style=\"width: 208px;\"><strong>Griselda Tellez<\/strong><\/td>\n<td style=\"width: 388px;\"><span>Explora tu potencial Cd. Ju\u00e1rez<\/span><\/td>\n<\/tr>\n<tr>\n<td style=\"width: 208px;\"><strong>Marco Antonio Torrez<\/strong><\/td>\n<td style=\"width: 388px;\"><span>Banco de Alimentos de Cd. Ju\u00e1rez<\/span><\/td>\n<\/tr>\n<tr>\n<td style=\"width: 208px;\"><strong>Jes\u00fas Valenzuela<\/strong><\/td>\n<td style=\"width: 388px;\"><span>Fundaci\u00f3n Paso del Norte<\/span><\/td>\n<\/tr>\n<\/tbody>\n<\/table>\n<p>[\/et_pb_toggle][\/et_pb_column][\/et_pb_row][et_pb_row disabled_on=&#8221;off|off|off&#8221; _builder_version=&#8221;4.16&#8243; _module_preset=&#8221;default&#8221; global_colors_info=&#8221;{}&#8221;][et_pb_column type=&#8221;4_4&#8243; _builder_version=&#8221;4.16&#8243; _module_preset=&#8221;default&#8221; global_colors_info=&#8221;{}&#8221;][et_pb_cta title=&#8221;YA EST\u00c1N ABIERTAS LAS NOMINACIONES 2024&#8243; button_text=&#8221;Click Here&#8221; _builder_version=&#8221;4.27.0&#8243; _module_preset=&#8221;default&#8221; background_color=&#8221;#920f4e&#8221; custom_padding=&#8221;||20px|||&#8221; hover_enabled=&#8221;0&#8243; global_colors_info=&#8221;{}&#8221; disabled_on=&#8221;on|on|on&#8221; disabled=&#8221;on&#8221; sticky_enabled=&#8221;0&#8243;]<\/p>\n<p style=\"text-align: left;\">Estamos buscando a los l\u00edderes que pueden formar parte de la segunda generaci\u00f3n de REALIZE Liderazgo Transformacional.<\/p>\n<p style=\"text-align: left;\">Los requisitos de nominaci\u00f3n son:<\/p>\n<ul>\n<li style=\"text-align: left;\">Ser actualmente l\u00edder o directivo de una Organizaci\u00f3n de la Sociedad Civil.<\/li>\n<li style=\"text-align: left;\">Ser identificado como un sucesor potencial para un puesto ejecutivo clave.<\/li>\n<li style=\"text-align: left;\">Trabajar para una organizaci\u00f3n\u00a0 o instituci\u00f3n con al menos 3 a\u00f1os de operaci\u00f3n e impacto en Ciudad Ju\u00e1rez.<\/li>\n<li style=\"text-align: left;\">Tener por lo menos cinco a\u00f1os de experiencia profesional en los sectores de salud, servicios m\u00e9dicos, educaci\u00f3n, trabajo social, desarrollo comunitario u otros campos afines.<\/li>\n<li style=\"text-align: left;\">Aceptar el compromiso de aplicar los conocimientos adquiridos en el programa Realize en los programas de la organizaci\u00f3n a la que representa.<\/li>\n<li style=\"text-align: left;\">Contar con el respaldo de la junta directiva de la OSC para cumplir con las asistencias y asignaciones del programa Realize.<\/li>\n<\/ul>\n<p>[\/et_pb_cta][et_pb_button button_url=&#8221;https:\/\/es.surveymonkey.com\/r\/XLJ7MWP&#8221; url_new_window=&#8221;on&#8221; button_text=&#8221;Puedes nominar a alguien para participar en este programa aqu\u00ed&#8221; button_alignment=&#8221;center&#8221; _builder_version=&#8221;4.27.0&#8243; _module_preset=&#8221;default&#8221; custom_button=&#8221;on&#8221; button_text_size=&#8221;23px&#8221; button_text_color=&#8221;#FFFFFF&#8221; button_bg_color=&#8221;#00457A&#8221; button_border_radius=&#8221;23px&#8221; button_font=&#8221;|600|||||||&#8221; button_icon=&#8221;&#x47;||divi||400&#8243; hover_enabled=&#8221;0&#8243; locked=&#8221;off&#8221; global_colors_info=&#8221;{}&#8221; sticky_enabled=&#8221;0&#8243;][\/et_pb_button][\/et_pb_column][\/et_pb_row][\/et_pb_section]<\/p>\n","protected":false},"excerpt":{"rendered":"<p>REALIZE Liderazgo TransformacionalRealize es una experiencia \u00fanica de formaci\u00f3n y entrenamiento dirigida a l\u00edderes y altos directivos de organizaciones sociales e instituciones p\u00fablicas. Este programa de 10 meses de duraci\u00f3n brinda a sus participantes herramientas para dirigir sus organizaciones y transformar su liderazgo a trav\u00e9s de sesiones y retiros facilitados por entrenadores con experiencia nacional [&hellip;]<\/p>\n","protected":false},"author":1,"featured_media":0,"parent":0,"menu_order":0,"comment_status":"closed","ping_status":"closed","template":"","meta":{"nf_dc_page":"","_et_pb_use_builder":"on","_et_pb_old_content":"","_et_gb_content_width":"","_monsterinsights_skip_tracking":false,"_monsterinsights_sitenote_active":false,"_monsterinsights_sitenote_note":"","_monsterinsights_sitenote_category":0,"footnotes":""},"class_list":["post-1257","page","type-page","status-publish","hentry"],"yoast_head":"<!-- This site is optimized with the Yoast SEO plugin v27.5 - https:\/\/yoast.com\/product\/yoast-seo-wordpress\/ -->\n<title>REALIZE Liderazgo Transformacional | Fundacion Paso del Norte<\/title>\n<meta name=\"robots\" content=\"index, follow, max-snippet:-1, max-image-preview:large, max-video-preview:-1\" \/>\n<link rel=\"canonical\" href=\"https:\/\/fundacionpdn.org\/en\/realize\/\" \/>\n<meta property=\"og:locale\" content=\"en_US\" \/>\n<meta property=\"og:type\" content=\"article\" \/>\n<meta property=\"og:title\" content=\"REALIZE Liderazgo Transformacional | Fundacion Paso del Norte\" \/>\n<meta property=\"og:description\" content=\"REALIZE Liderazgo TransformacionalRealize es una experiencia \u00fanica de formaci\u00f3n y entrenamiento dirigida a l\u00edderes y altos directivos de organizaciones sociales e instituciones p\u00fablicas. Este programa de 10 meses de duraci\u00f3n brinda a sus participantes herramientas para dirigir sus organizaciones y transformar su liderazgo a trav\u00e9s de sesiones y retiros facilitados por entrenadores con experiencia nacional [&hellip;]\" \/>\n<meta property=\"og:url\" content=\"https:\/\/fundacionpdn.org\/en\/realize\/\" \/>\n<meta property=\"og:site_name\" content=\"Fundacion Paso del Norte\" \/>\n<meta property=\"article:publisher\" content=\"https:\/\/facebook.com\/fundacionpdn\" \/>\n<meta property=\"article:modified_time\" content=\"2025-04-15T04:57:54+00:00\" \/>\n<meta property=\"og:image\" content=\"https:\/\/fundacionpdn.org\/wp-content\/uploads\/2023\/03\/SEO-Cover-FPDN.png\" \/>\n\t<meta property=\"og:image:width\" content=\"1200\" \/>\n\t<meta property=\"og:image:height\" content=\"675\" \/>\n\t<meta property=\"og:image:type\" content=\"image\/png\" \/>\n<meta name=\"twitter:card\" content=\"summary_large_image\" \/>\n<meta name=\"twitter:site\" content=\"@fundacionpdn\" \/>\n<script type=\"application\/ld+json\" class=\"yoast-schema-graph\">{\"@context\":\"https:\\\/\\\/schema.org\",\"@graph\":[{\"@type\":\"WebPage\",\"@id\":\"https:\\\/\\\/fundacionpdn.org\\\/realize\\\/\",\"url\":\"https:\\\/\\\/fundacionpdn.org\\\/realize\\\/\",\"name\":\"REALIZE Liderazgo Transformacional | Fundacion Paso del Norte\",\"isPartOf\":{\"@id\":\"https:\\\/\\\/fundacionpdn.org\\\/#website\"},\"datePublished\":\"2022-07-05T07:27:33+00:00\",\"dateModified\":\"2025-04-15T04:57:54+00:00\",\"breadcrumb\":{\"@id\":\"https:\\\/\\\/fundacionpdn.org\\\/realize\\\/#breadcrumb\"},\"inLanguage\":\"en-US\",\"potentialAction\":[{\"@type\":\"ReadAction\",\"target\":[\"https:\\\/\\\/fundacionpdn.org\\\/realize\\\/\"]}]},{\"@type\":\"BreadcrumbList\",\"@id\":\"https:\\\/\\\/fundacionpdn.org\\\/realize\\\/#breadcrumb\",\"itemListElement\":[{\"@type\":\"ListItem\",\"position\":1,\"name\":\"Home\",\"item\":\"https:\\\/\\\/fundacionpdn.org\\\/\"},{\"@type\":\"ListItem\",\"position\":2,\"name\":\"REALIZE Liderazgo Transformacional\"}]},{\"@type\":\"WebSite\",\"@id\":\"https:\\\/\\\/fundacionpdn.org\\\/#website\",\"url\":\"https:\\\/\\\/fundacionpdn.org\\\/\",\"name\":\"Fundacion Paso del Norte\",\"description\":\"Organizaci\u00f3n sin fines de lucro en Ciudad Ju\u00e1rez\",\"publisher\":{\"@id\":\"https:\\\/\\\/fundacionpdn.org\\\/#organization\"},\"potentialAction\":[{\"@type\":\"SearchAction\",\"target\":{\"@type\":\"EntryPoint\",\"urlTemplate\":\"https:\\\/\\\/fundacionpdn.org\\\/?s={search_term_string}\"},\"query-input\":{\"@type\":\"PropertyValueSpecification\",\"valueRequired\":true,\"valueName\":\"search_term_string\"}}],\"inLanguage\":\"en-US\"},{\"@type\":\"Organization\",\"@id\":\"https:\\\/\\\/fundacionpdn.org\\\/#organization\",\"name\":\"Fundacion Paso del Norte\",\"url\":\"https:\\\/\\\/fundacionpdn.org\\\/\",\"logo\":{\"@type\":\"ImageObject\",\"inLanguage\":\"en-US\",\"@id\":\"https:\\\/\\\/fundacionpdn.org\\\/#\\\/schema\\\/logo\\\/image\\\/\",\"url\":\"https:\\\/\\\/fundacionpdn.org\\\/wp-content\\\/uploads\\\/2021\\\/04\\\/isotipoArtboard-4-e1618649901781.png\",\"contentUrl\":\"https:\\\/\\\/fundacionpdn.org\\\/wp-content\\\/uploads\\\/2021\\\/04\\\/isotipoArtboard-4-e1618649901781.png\",\"width\":1000,\"height\":226,\"caption\":\"Fundacion Paso del Norte\"},\"image\":{\"@id\":\"https:\\\/\\\/fundacionpdn.org\\\/#\\\/schema\\\/logo\\\/image\\\/\"},\"sameAs\":[\"https:\\\/\\\/facebook.com\\\/fundacionpdn\",\"https:\\\/\\\/x.com\\\/fundacionpdn\",\"https:\\\/\\\/www.youtube.com\\\/@fundacionpdn\",\"https:\\\/\\\/linkedin.com\\\/company\\\/fundacionpdn\"]}]}<\/script>\n<!-- \/ Yoast SEO plugin. -->","yoast_head_json":{"title":"REALIZE Liderazgo Transformacional | Fundacion Paso del Norte","robots":{"index":"index","follow":"follow","max-snippet":"max-snippet:-1","max-image-preview":"max-image-preview:large","max-video-preview":"max-video-preview:-1"},"canonical":"https:\/\/fundacionpdn.org\/en\/realize\/","og_locale":"en_US","og_type":"article","og_title":"REALIZE Liderazgo Transformacional | Fundacion Paso del Norte","og_description":"REALIZE Liderazgo TransformacionalRealize es una experiencia \u00fanica de formaci\u00f3n y entrenamiento dirigida a l\u00edderes y altos directivos de organizaciones sociales e instituciones p\u00fablicas. Este programa de 10 meses de duraci\u00f3n brinda a sus participantes herramientas para dirigir sus organizaciones y transformar su liderazgo a trav\u00e9s de sesiones y retiros facilitados por entrenadores con experiencia nacional [&hellip;]","og_url":"https:\/\/fundacionpdn.org\/en\/realize\/","og_site_name":"Fundacion Paso del Norte","article_publisher":"https:\/\/facebook.com\/fundacionpdn","article_modified_time":"2025-04-15T04:57:54+00:00","og_image":[{"width":1200,"height":675,"url":"https:\/\/fundacionpdn.org\/wp-content\/uploads\/2023\/03\/SEO-Cover-FPDN.png","type":"image\/png"}],"twitter_card":"summary_large_image","twitter_site":"@fundacionpdn","schema":{"@context":"https:\/\/schema.org","@graph":[{"@type":"WebPage","@id":"https:\/\/fundacionpdn.org\/realize\/","url":"https:\/\/fundacionpdn.org\/realize\/","name":"REALIZE Liderazgo Transformacional | Fundacion Paso del Norte","isPartOf":{"@id":"https:\/\/fundacionpdn.org\/#website"},"datePublished":"2022-07-05T07:27:33+00:00","dateModified":"2025-04-15T04:57:54+00:00","breadcrumb":{"@id":"https:\/\/fundacionpdn.org\/realize\/#breadcrumb"},"inLanguage":"en-US","potentialAction":[{"@type":"ReadAction","target":["https:\/\/fundacionpdn.org\/realize\/"]}]},{"@type":"BreadcrumbList","@id":"https:\/\/fundacionpdn.org\/realize\/#breadcrumb","itemListElement":[{"@type":"ListItem","position":1,"name":"Home","item":"https:\/\/fundacionpdn.org\/"},{"@type":"ListItem","position":2,"name":"REALIZE Liderazgo Transformacional"}]},{"@type":"WebSite","@id":"https:\/\/fundacionpdn.org\/#website","url":"https:\/\/fundacionpdn.org\/","name":"Fundacion Paso del Norte","description":"Organizaci\u00f3n sin fines de lucro en Ciudad Ju\u00e1rez","publisher":{"@id":"https:\/\/fundacionpdn.org\/#organization"},"potentialAction":[{"@type":"SearchAction","target":{"@type":"EntryPoint","urlTemplate":"https:\/\/fundacionpdn.org\/?s={search_term_string}"},"query-input":{"@type":"PropertyValueSpecification","valueRequired":true,"valueName":"search_term_string"}}],"inLanguage":"en-US"},{"@type":"Organization","@id":"https:\/\/fundacionpdn.org\/#organization","name":"Fundacion Paso del Norte","url":"https:\/\/fundacionpdn.org\/","logo":{"@type":"ImageObject","inLanguage":"en-US","@id":"https:\/\/fundacionpdn.org\/#\/schema\/logo\/image\/","url":"https:\/\/fundacionpdn.org\/wp-content\/uploads\/2021\/04\/isotipoArtboard-4-e1618649901781.png","contentUrl":"https:\/\/fundacionpdn.org\/wp-content\/uploads\/2021\/04\/isotipoArtboard-4-e1618649901781.png","width":1000,"height":226,"caption":"Fundacion Paso del Norte"},"image":{"@id":"https:\/\/fundacionpdn.org\/#\/schema\/logo\/image\/"},"sameAs":["https:\/\/facebook.com\/fundacionpdn","https:\/\/x.com\/fundacionpdn","https:\/\/www.youtube.com\/@fundacionpdn","https:\/\/linkedin.com\/company\/fundacionpdn"]}]}},"_links":{"self":[{"href":"https:\/\/fundacionpdn.org\/en\/wp-json\/wp\/v2\/pages\/1257","targetHints":{"allow":["GET"]}}],"collection":[{"href":"https:\/\/fundacionpdn.org\/en\/wp-json\/wp\/v2\/pages"}],"about":[{"href":"https:\/\/fundacionpdn.org\/en\/wp-json\/wp\/v2\/types\/page"}],"author":[{"embeddable":true,"href":"https:\/\/fundacionpdn.org\/en\/wp-json\/wp\/v2\/users\/1"}],"replies":[{"embeddable":true,"href":"https:\/\/fundacionpdn.org\/en\/wp-json\/wp\/v2\/comments?post=1257"}],"version-history":[{"count":5,"href":"https:\/\/fundacionpdn.org\/en\/wp-json\/wp\/v2\/pages\/1257\/revisions"}],"predecessor-version":[{"id":4519,"href":"https:\/\/fundacionpdn.org\/en\/wp-json\/wp\/v2\/pages\/1257\/revisions\/4519"}],"wp:attachment":[{"href":"https:\/\/fundacionpdn.org\/en\/wp-json\/wp\/v2\/media?parent=1257"}],"curies":[{"name":"wp","href":"https:\/\/api.w.org\/{rel}","templated":true}]}}