{"id":396,"date":"2021-05-02T06:55:51","date_gmt":"2021-05-02T06:55:51","guid":{"rendered":"https:\/\/fundacionpdn.org\/?page_id=396"},"modified":"2026-04-07T17:39:07","modified_gmt":"2026-04-07T17:39:07","slug":"aliados-contra-la-violencia","status":"publish","type":"page","link":"https:\/\/fundacionpdn.org\/en\/aliados-contra-la-violencia\/","title":{"rendered":"Aliados contra la violencia"},"content":{"rendered":"<p>[et_pb_section fb_built=&#8221;1&#8243; _builder_version=&#8221;4.16&#8243; _module_preset=&#8221;default&#8221; global_colors_info=&#8221;{}&#8221;][et_pb_row _builder_version=&#8221;4.16&#8243; _module_preset=&#8221;default&#8221; global_colors_info=&#8221;{}&#8221;][et_pb_column type=&#8221;4_4&#8243; _builder_version=&#8221;4.16&#8243; _module_preset=&#8221;default&#8221; global_colors_info=&#8221;{}&#8221;][et_pb_text _builder_version=&#8221;4.27.6&#8243; _module_preset=&#8221;default&#8221; text_font=&#8221;Montserrat||||||||&#8221; text_font_size=&#8221;36px&#8221; text_line_height=&#8221;1.1em&#8221; header_font=&#8221;Montserrat||||||||&#8221; text_orientation=&#8221;center&#8221; hover_enabled=&#8221;0&#8243; global_colors_info=&#8221;{}&#8221; sticky_enabled=&#8221;0&#8243;]<\/p>\n<p>ESTRATEGIA DE PREVENCI\u00d3N DE VIOLENCIA DE G\u00c9NERO Y VIOLENCIA SEXUAL INFANTIL<\/p>\n<p>[\/et_pb_text][\/et_pb_column][\/et_pb_row][et_pb_row _builder_version=&#8221;4.16&#8243; _module_preset=&#8221;default&#8221; global_colors_info=&#8221;{}&#8221;][et_pb_column type=&#8221;4_4&#8243; _builder_version=&#8221;4.16&#8243; _module_preset=&#8221;default&#8221; global_colors_info=&#8221;{}&#8221;][et_pb_divider divider_weight=&#8221;5px&#8221; _builder_version=&#8221;4.16&#8243; _module_preset=&#8221;default&#8221; global_colors_info=&#8221;{}&#8221;][\/et_pb_divider][\/et_pb_column][\/et_pb_row][et_pb_row column_structure=&#8221;1_2,1_2&#8243; _builder_version=&#8221;4.16&#8243; _module_preset=&#8221;default&#8221; hover_enabled=&#8221;0&#8243; global_colors_info=&#8221;{}&#8221; sticky_enabled=&#8221;0&#8243;][et_pb_column type=&#8221;1_2&#8243; _builder_version=&#8221;4.16&#8243; _module_preset=&#8221;default&#8221; global_colors_info=&#8221;{}&#8221;][et_pb_text _builder_version=&#8221;4.16&#8243; _module_preset=&#8221;default&#8221; text_font_size=&#8221;16px&#8221; global_colors_info=&#8221;{}&#8221;]<\/p>\n<h3>Descripci\u00f3n del programa<\/h3>\n<p>En alianza con FICOSEC financiamos proyectos para atender la violencia de g\u00e9nero y la violencia sexual infantil en Ciudad Ju\u00e1rez. Esta inversi\u00f3n busca fortalecer proyectos que ofrezcan servicios de atenci\u00f3n y estrategias de prevenci\u00f3n en zonas de la ciudad donde la incidencia de este tipo de violencias es muy alta.<\/p>\n<p>Desde el 2022, este programa adopt\u00f3 el nombre de Entrelazando Redes por una Vida Libre de Violencia despu\u00e9s de haber operado desde el 2016 como una colaboraci\u00f3n anual entre FICOSEC y Fundaci\u00f3n Paso del Norte. Ahora es un fondo establecido y una estrategia multianual que busca crecer y evolucionar para lograr un impacto sist\u00e9mico ante estas problem\u00e1ticas.<\/p>\n<p>Como parte de esta estrategia, se destinan recursos importantes para fortalecer e incrementar la capacidad de las organizaciones sociales que financiamos a trav\u00e9s de capacitaciones especializadas, contenci\u00f3n psicol\u00f3gica para el staff de las organizaciones y entrenamientos en liderazgo y comunicaci\u00f3n.<\/p>\n<p><span>Adicionalmente, trabajamos con instituciones p\u00fablicas que juegan roles importantes en la atenci\u00f3n de este tipo de casos para fortalecer los protocolos de referencia y atenci\u00f3n a v\u00edctimas. As\u00ed mismo, se cre\u00f3 la mesa t\u00e9cnica intersectorial sobre la atenci\u00f3n a v\u00edctimas de violencia sexual infantil.<\/span><\/p>\n<p>Actualmente, las siguientes organizaciones forman parte de esta estrategia:<\/p>\n<p>&nbsp;<\/p>\n<ul>\n<li>Casa Amiga Esther Ch\u00e1vez Cano<\/li>\n<li>Colectiva, Arte, Comunidad y Equidad<\/li>\n<li>Crecimiento Humano y Educaci\u00f3n para la Paz<\/li>\n<li>La Tenda di Cristo<\/li>\n<li>Organizaci\u00f3n Popular Independiente<\/li>\n<li>Salud y Bienestar Comunitario<\/li>\n<li>Sin Violencia<\/li>\n<\/ul>\n<p>[\/et_pb_text][et_pb_text _builder_version=&#8221;4.16&#8243; _module_preset=&#8221;default&#8221; text_font_size=&#8221;16px&#8221; global_colors_info=&#8221;{}&#8221;]<\/p>\n<h3>Raz\u00f3n para su creaci\u00f3n<\/h3>\n<h3><span style=\"font-size: 16px; color: #666666; font-family: 'Open Sans', Arial, sans-serif;\">Los altos \u00edndices de violencia son uno de los factores que m\u00e1s afectan la calidad de vida y el sentido de bienestar de una comunidad. Por muchos a\u00f1os, nuestra ciudad ha sido fuertemente afectada por este fen\u00f3meno social y es necesario atenderlo desde diferentes esferas de acci\u00f3n. Por esta raz\u00f3n buscamos colaborar con FICOSEC y contribuir a sus esfuerzos, por ser la organizaci\u00f3n con mayor experiencia e impacto en temas de seguridad y prevenci\u00f3n de la violencia en Ciudad Ju\u00e1rez. Esto nos permite incidir en un tema que es prioritario, alineado a nuestra misi\u00f3n y fortalecer nuestros lazos con otras OSC en nuestra comunidad.<\/span><\/h3>\n<p>[\/et_pb_text][\/et_pb_column][et_pb_column type=&#8221;1_2&#8243; _builder_version=&#8221;4.16&#8243; _module_preset=&#8221;default&#8221; global_colors_info=&#8221;{}&#8221;][et_pb_text _builder_version=&#8221;4.16&#8243; _module_preset=&#8221;default&#8221; text_font_size=&#8221;16px&#8221; custom_margin=&#8221;||36px|||&#8221; custom_padding=&#8221;15px|15px|15px|15px|false|false&#8221; border_radii=&#8221;on|20px|20px|20px|20px&#8221; box_shadow_style=&#8221;preset6&#8243; global_colors_info=&#8221;{}&#8221;]<\/p>\n<h3 style=\"text-align: center;\">Objetivo estrat\u00e9gico que cumple en la Fundaci\u00f3n<\/h3>\n<p style=\"text-align: center;\">Fortalecer<span> las capacidades t\u00e9cnicas y financieras de OSC que trabajan en la regi\u00f3n.<\/span><\/p>\n<p style=\"text-align: center;\">Generar\u00a0oportunidades que incidan en el desarrollo integral de las personas de esta comunidad.<\/p>\n<p style=\"text-align: center;\">Apoyar <span>proyectos e intervenciones que fomenten el desarrollo comunitario.<\/span><\/p>\n<p style=\"text-align: center;\"><span>Desarrollar\u00a0alianzas estrat\u00e9gicas y fondos filantr\u00f3picos para responder a las necesidades de desarrollo de Ju\u00e1rez.<\/span><\/p>\n<p style=\"text-align: center;\"><span><\/span><\/p>\n<p style=\"text-align: center;\">\n<p>[\/et_pb_text][et_pb_image title_text=&#8221;629844598_1377267087768745_1100505364610523612_n&#8221; _builder_version=&#8221;4.27.6&#8243; _module_preset=&#8221;default&#8221; custom_margin=&#8221;-2px||||false|false&#8221; hover_enabled=&#8221;0&#8243; global_colors_info=&#8221;{}&#8221; src=&#8221;https:\/\/fundacionpdn.org\/wp-content\/uploads\/2026\/04\/629844598_1377267087768745_1100505364610523612_n.jpg&#8221; sticky_enabled=&#8221;0&#8243;][\/et_pb_image][\/et_pb_column][\/et_pb_row][et_pb_row _builder_version=&#8221;4.16&#8243; _module_preset=&#8221;default&#8221; global_colors_info=&#8221;{}&#8221;][et_pb_column type=&#8221;4_4&#8243; _builder_version=&#8221;4.16&#8243; _module_preset=&#8221;default&#8221; global_colors_info=&#8221;{}&#8221;][et_pb_text _builder_version=&#8221;4.16&#8243; _module_preset=&#8221;default&#8221; header_3_font=&#8221;|||on|||||&#8221; header_3_text_align=&#8221;center&#8221; global_colors_info=&#8221;{}&#8221;]<\/p>\n<h3>resultados globales<\/h3>\n<p>[\/et_pb_text][\/et_pb_column][\/et_pb_row][et_pb_row column_structure=&#8221;1_3,1_3,1_3&#8243; _builder_version=&#8221;4.16&#8243; _module_preset=&#8221;default&#8221; global_colors_info=&#8221;{}&#8221;][et_pb_column type=&#8221;1_3&#8243; _builder_version=&#8221;4.16&#8243; _module_preset=&#8221;default&#8221; global_colors_info=&#8221;{}&#8221;][et_pb_number_counter title=&#8221;Proyectos financiados desde el 2017&#8243; number=&#8221;56&#8243; percent_sign=&#8221;off&#8221; _builder_version=&#8221;4.27.0&#8243; _module_preset=&#8221;default&#8221; global_colors_info=&#8221;{}&#8221;][\/et_pb_number_counter][\/et_pb_column][et_pb_column type=&#8221;1_3&#8243; _builder_version=&#8221;4.16&#8243; _module_preset=&#8221;default&#8221; global_colors_info=&#8221;{}&#8221;][et_pb_number_counter title=&#8221;Millones de pesos invertidos desde el 2017&#8243; number=&#8221;62&#8243; percent_sign=&#8221;off&#8221; _builder_version=&#8221;4.27.6&#8243; _module_preset=&#8221;default&#8221; hover_enabled=&#8221;0&#8243; global_colors_info=&#8221;{}&#8221; sticky_enabled=&#8221;0&#8243;][\/et_pb_number_counter][\/et_pb_column][et_pb_column type=&#8221;1_3&#8243; _builder_version=&#8221;4.16&#8243; _module_preset=&#8221;default&#8221; global_colors_info=&#8221;{}&#8221;][et_pb_number_counter title=&#8221;Personas beneficiadas de manera directa desde el 2017&#8243; number=&#8221;15,947&#8243; percent_sign=&#8221;off&#8221; _builder_version=&#8221;4.27.6&#8243; _module_preset=&#8221;default&#8221; hover_enabled=&#8221;0&#8243; global_colors_info=&#8221;{}&#8221; sticky_enabled=&#8221;0&#8243;][\/et_pb_number_counter][\/et_pb_column][\/et_pb_row][et_pb_row _builder_version=&#8221;4.16&#8243; _module_preset=&#8221;default&#8221; custom_padding=&#8221;||7px|||&#8221; global_colors_info=&#8221;{}&#8221;][et_pb_column type=&#8221;4_4&#8243; _builder_version=&#8221;4.16&#8243; _module_preset=&#8221;default&#8221; global_colors_info=&#8221;{}&#8221;][et_pb_divider _builder_version=&#8221;4.16&#8243; _module_preset=&#8221;default&#8221; global_colors_info=&#8221;{}&#8221;][\/et_pb_divider][\/et_pb_column][\/et_pb_row][et_pb_row _builder_version=&#8221;4.16&#8243; _module_preset=&#8221;default&#8221; global_colors_info=&#8221;{}&#8221;][et_pb_column type=&#8221;4_4&#8243; _builder_version=&#8221;4.16&#8243; _module_preset=&#8221;default&#8221; global_colors_info=&#8221;{}&#8221;][et_pb_text _builder_version=&#8221;4.27.6&#8243; _module_preset=&#8221;default&#8221; header_3_font=&#8221;|||on|||||&#8221; header_3_text_align=&#8221;center&#8221; hover_enabled=&#8221;0&#8243; global_colors_info=&#8221;{}&#8221; sticky_enabled=&#8221;0&#8243;]<\/p>\n<h1 style=\"text-align: center;\">RESULTADOS 2025<\/h1>\n<p>[\/et_pb_text][\/et_pb_column][\/et_pb_row][et_pb_row column_structure=&#8221;3_5,2_5&#8243; _builder_version=&#8221;4.16&#8243; _module_preset=&#8221;default&#8221; global_colors_info=&#8221;{}&#8221;][et_pb_column type=&#8221;3_5&#8243; _builder_version=&#8221;4.16&#8243; _module_preset=&#8221;default&#8221; global_colors_info=&#8221;{}&#8221;][et_pb_text _builder_version=&#8221;4.16&#8243; _module_preset=&#8221;default&#8221; text_font_size=&#8221;16px&#8221; custom_margin=&#8221;-2vw||||false|false&#8221; global_colors_info=&#8221;{}&#8221;]<\/p>\n<p style=\"text-align: center;\"><span>Durante el 2025 continuamos el apoyo a programas y proyectos de atenci\u00f3n y prevenci\u00f3n de la violencia de g\u00e9nero y violencia sexual infantil. Estos programas brindaron sus servicios en diferentes zonas del suroriente y poniente en Ciudad Ju\u00e1rez, acercando a estos espacios actividades y programas de acompa\u00f1amiento psicol\u00f3gico y legal a mujeres que viven en contextos de violencia, adem\u00e1s de oportunidades de capacitaci\u00f3n para el emprendimiento, redes de apoyo y actividades para su autocuidado.\u00a0<\/span><\/p>\n<p style=\"text-align: center;\"><span><\/span><\/p>\n<p>[\/et_pb_text][et_pb_image title_text=&#8221;EER&#8221; align=&#8221;center&#8221; _builder_version=&#8221;4.27.6&#8243; _module_preset=&#8221;default&#8221; custom_margin=&#8221;-31px||||false|false&#8221; hover_enabled=&#8221;0&#8243; global_colors_info=&#8221;{}&#8221; sticky_enabled=&#8221;0&#8243; src=&#8221;https:\/\/fundacionpdn.org\/wp-content\/uploads\/2026\/04\/EER.jpeg&#8221;][\/et_pb_image][\/et_pb_column][et_pb_column type=&#8221;2_5&#8243; _builder_version=&#8221;4.16&#8243; _module_preset=&#8221;default&#8221; global_colors_info=&#8221;{}&#8221;][et_pb_text _builder_version=&#8221;4.16&#8243; _module_preset=&#8221;default&#8221; text_font_size=&#8221;17px&#8221; text_orientation=&#8221;center&#8221; custom_margin=&#8221;0vw||||false|false&#8221; custom_padding=&#8221;9px|||||&#8221; global_colors_info=&#8221;{}&#8221;]<\/p>\n<p>Programa realizado en alianza con<\/p>\n<p>[\/et_pb_text][et_pb_image src=&#8221;https:\/\/fundacionpdn.org\/wp-content\/uploads\/2025\/04\/FICOSEC-LOGO-NUEVO.png&#8221; title_text=&#8221;FICOSEC LOGO NUEVO&#8221; _builder_version=&#8221;4.27.0&#8243; _module_preset=&#8221;default&#8221; width=&#8221;71%&#8221; module_alignment=&#8221;center&#8221; custom_margin=&#8221;-12px||||false|false&#8221; global_colors_info=&#8221;{}&#8221;][\/et_pb_image][et_pb_text _builder_version=&#8221;4.27.6&#8243; _module_preset=&#8221;default&#8221; text_text_color=&#8221;#000000&#8243; text_font_size=&#8221;19px&#8221; text_line_height=&#8221;1.8em&#8221; background_color=&#8221;#D6D6D6&#8243; text_orientation=&#8221;center&#8221; width=&#8221;71%&#8221; module_alignment=&#8221;center&#8221; custom_padding=&#8221;20px|25px|20px|25px|true|true&#8221; hover_enabled=&#8221;0&#8243; border_radii=&#8221;on|20px|20px|20px|20px&#8221; global_colors_info=&#8221;{}&#8221; sticky_enabled=&#8221;0&#8243;]<\/p>\n<p>En 2025, los proyectos apoyados lograron un impacto directo en m\u00e1s de 3,600 personas, principalmente mujeres, ni\u00f1as y adolescentes.\u00a0<\/p>\n<p>[\/et_pb_text][\/et_pb_column][\/et_pb_row][\/et_pb_section]<\/p>\n","protected":false},"excerpt":{"rendered":"<p>ESTRATEGIA DE PREVENCI\u00d3N DE VIOLENCIA DE G\u00c9NERO Y VIOLENCIA SEXUAL INFANTILDescripci\u00f3n del programa En alianza con FICOSEC financiamos proyectos para atender la violencia de g\u00e9nero y la violencia sexual infantil en Ciudad Ju\u00e1rez. Esta inversi\u00f3n busca fortalecer proyectos que ofrezcan servicios de atenci\u00f3n y estrategias de prevenci\u00f3n en zonas de la ciudad donde la incidencia [&hellip;]<\/p>\n","protected":false},"author":1,"featured_media":0,"parent":0,"menu_order":0,"comment_status":"closed","ping_status":"closed","template":"","meta":{"nf_dc_page":"","_et_pb_use_builder":"on","_et_pb_old_content":"<!-- wp:divi\/placeholder \/-->","_et_gb_content_width":"","_monsterinsights_skip_tracking":false,"_monsterinsights_sitenote_active":false,"_monsterinsights_sitenote_note":"","_monsterinsights_sitenote_category":0,"footnotes":""},"class_list":["post-396","page","type-page","status-publish","hentry"],"yoast_head":"<!-- This site is optimized with the Yoast SEO plugin v27.5 - https:\/\/yoast.com\/product\/yoast-seo-wordpress\/ -->\n<title>Aliados contra la violencia | Fundacion Paso del Norte<\/title>\n<meta name=\"robots\" content=\"index, follow, max-snippet:-1, max-image-preview:large, max-video-preview:-1\" \/>\n<link rel=\"canonical\" href=\"https:\/\/fundacionpdn.org\/en\/aliados-contra-la-violencia\/\" \/>\n<meta property=\"og:locale\" content=\"en_US\" \/>\n<meta property=\"og:type\" content=\"article\" \/>\n<meta property=\"og:title\" content=\"Aliados contra la violencia | Fundacion Paso del Norte\" \/>\n<meta property=\"og:description\" content=\"ESTRATEGIA DE PREVENCI\u00d3N DE VIOLENCIA DE G\u00c9NERO Y VIOLENCIA SEXUAL INFANTILDescripci\u00f3n del programa En alianza con FICOSEC financiamos proyectos para atender la violencia de g\u00e9nero y la violencia sexual infantil en Ciudad Ju\u00e1rez. Esta inversi\u00f3n busca fortalecer proyectos que ofrezcan servicios de atenci\u00f3n y estrategias de prevenci\u00f3n en zonas de la ciudad donde la incidencia [&hellip;]\" \/>\n<meta property=\"og:url\" content=\"https:\/\/fundacionpdn.org\/en\/aliados-contra-la-violencia\/\" \/>\n<meta property=\"og:site_name\" content=\"Fundacion Paso del Norte\" \/>\n<meta property=\"article:publisher\" content=\"https:\/\/facebook.com\/fundacionpdn\" \/>\n<meta property=\"article:modified_time\" content=\"2026-04-07T17:39:07+00:00\" \/>\n<meta property=\"og:image\" content=\"https:\/\/fundacionpdn.org\/wp-content\/uploads\/2023\/03\/SEO-Cover-FPDN.png\" \/>\n\t<meta property=\"og:image:width\" content=\"1200\" \/>\n\t<meta property=\"og:image:height\" content=\"675\" \/>\n\t<meta property=\"og:image:type\" content=\"image\/png\" \/>\n<meta name=\"twitter:card\" content=\"summary_large_image\" \/>\n<meta name=\"twitter:site\" content=\"@fundacionpdn\" \/>\n<meta name=\"twitter:label1\" content=\"Est. reading time\" \/>\n\t<meta name=\"twitter:data1\" content=\"7 minutes\" \/>\n<script type=\"application\/ld+json\" class=\"yoast-schema-graph\">{\"@context\":\"https:\\\/\\\/schema.org\",\"@graph\":[{\"@type\":\"WebPage\",\"@id\":\"https:\\\/\\\/fundacionpdn.org\\\/aliados-contra-la-violencia\\\/\",\"url\":\"https:\\\/\\\/fundacionpdn.org\\\/aliados-contra-la-violencia\\\/\",\"name\":\"Aliados contra la violencia | Fundacion Paso del Norte\",\"isPartOf\":{\"@id\":\"https:\\\/\\\/fundacionpdn.org\\\/#website\"},\"datePublished\":\"2021-05-02T06:55:51+00:00\",\"dateModified\":\"2026-04-07T17:39:07+00:00\",\"breadcrumb\":{\"@id\":\"https:\\\/\\\/fundacionpdn.org\\\/aliados-contra-la-violencia\\\/#breadcrumb\"},\"inLanguage\":\"en-US\",\"potentialAction\":[{\"@type\":\"ReadAction\",\"target\":[\"https:\\\/\\\/fundacionpdn.org\\\/aliados-contra-la-violencia\\\/\"]}]},{\"@type\":\"BreadcrumbList\",\"@id\":\"https:\\\/\\\/fundacionpdn.org\\\/aliados-contra-la-violencia\\\/#breadcrumb\",\"itemListElement\":[{\"@type\":\"ListItem\",\"position\":1,\"name\":\"Home\",\"item\":\"https:\\\/\\\/fundacionpdn.org\\\/\"},{\"@type\":\"ListItem\",\"position\":2,\"name\":\"Aliados contra la violencia\"}]},{\"@type\":\"WebSite\",\"@id\":\"https:\\\/\\\/fundacionpdn.org\\\/#website\",\"url\":\"https:\\\/\\\/fundacionpdn.org\\\/\",\"name\":\"Fundacion Paso del Norte\",\"description\":\"Organizaci\u00f3n sin fines de lucro en Ciudad Ju\u00e1rez\",\"publisher\":{\"@id\":\"https:\\\/\\\/fundacionpdn.org\\\/#organization\"},\"potentialAction\":[{\"@type\":\"SearchAction\",\"target\":{\"@type\":\"EntryPoint\",\"urlTemplate\":\"https:\\\/\\\/fundacionpdn.org\\\/?s={search_term_string}\"},\"query-input\":{\"@type\":\"PropertyValueSpecification\",\"valueRequired\":true,\"valueName\":\"search_term_string\"}}],\"inLanguage\":\"en-US\"},{\"@type\":\"Organization\",\"@id\":\"https:\\\/\\\/fundacionpdn.org\\\/#organization\",\"name\":\"Fundacion Paso del Norte\",\"url\":\"https:\\\/\\\/fundacionpdn.org\\\/\",\"logo\":{\"@type\":\"ImageObject\",\"inLanguage\":\"en-US\",\"@id\":\"https:\\\/\\\/fundacionpdn.org\\\/#\\\/schema\\\/logo\\\/image\\\/\",\"url\":\"https:\\\/\\\/fundacionpdn.org\\\/wp-content\\\/uploads\\\/2021\\\/04\\\/isotipoArtboard-4-e1618649901781.png\",\"contentUrl\":\"https:\\\/\\\/fundacionpdn.org\\\/wp-content\\\/uploads\\\/2021\\\/04\\\/isotipoArtboard-4-e1618649901781.png\",\"width\":1000,\"height\":226,\"caption\":\"Fundacion Paso del Norte\"},\"image\":{\"@id\":\"https:\\\/\\\/fundacionpdn.org\\\/#\\\/schema\\\/logo\\\/image\\\/\"},\"sameAs\":[\"https:\\\/\\\/facebook.com\\\/fundacionpdn\",\"https:\\\/\\\/x.com\\\/fundacionpdn\",\"https:\\\/\\\/www.youtube.com\\\/@fundacionpdn\",\"https:\\\/\\\/linkedin.com\\\/company\\\/fundacionpdn\"]}]}<\/script>\n<!-- \/ Yoast SEO plugin. -->","yoast_head_json":{"title":"Aliados contra la violencia | Fundacion Paso del Norte","robots":{"index":"index","follow":"follow","max-snippet":"max-snippet:-1","max-image-preview":"max-image-preview:large","max-video-preview":"max-video-preview:-1"},"canonical":"https:\/\/fundacionpdn.org\/en\/aliados-contra-la-violencia\/","og_locale":"en_US","og_type":"article","og_title":"Aliados contra la violencia | Fundacion Paso del Norte","og_description":"ESTRATEGIA DE PREVENCI\u00d3N DE VIOLENCIA DE G\u00c9NERO Y VIOLENCIA SEXUAL INFANTILDescripci\u00f3n del programa En alianza con FICOSEC financiamos proyectos para atender la violencia de g\u00e9nero y la violencia sexual infantil en Ciudad Ju\u00e1rez. Esta inversi\u00f3n busca fortalecer proyectos que ofrezcan servicios de atenci\u00f3n y estrategias de prevenci\u00f3n en zonas de la ciudad donde la incidencia [&hellip;]","og_url":"https:\/\/fundacionpdn.org\/en\/aliados-contra-la-violencia\/","og_site_name":"Fundacion Paso del Norte","article_publisher":"https:\/\/facebook.com\/fundacionpdn","article_modified_time":"2026-04-07T17:39:07+00:00","og_image":[{"width":1200,"height":675,"url":"https:\/\/fundacionpdn.org\/wp-content\/uploads\/2023\/03\/SEO-Cover-FPDN.png","type":"image\/png"}],"twitter_card":"summary_large_image","twitter_site":"@fundacionpdn","twitter_misc":{"Est. reading time":"7 minutes"},"schema":{"@context":"https:\/\/schema.org","@graph":[{"@type":"WebPage","@id":"https:\/\/fundacionpdn.org\/aliados-contra-la-violencia\/","url":"https:\/\/fundacionpdn.org\/aliados-contra-la-violencia\/","name":"Aliados contra la violencia | Fundacion Paso del Norte","isPartOf":{"@id":"https:\/\/fundacionpdn.org\/#website"},"datePublished":"2021-05-02T06:55:51+00:00","dateModified":"2026-04-07T17:39:07+00:00","breadcrumb":{"@id":"https:\/\/fundacionpdn.org\/aliados-contra-la-violencia\/#breadcrumb"},"inLanguage":"en-US","potentialAction":[{"@type":"ReadAction","target":["https:\/\/fundacionpdn.org\/aliados-contra-la-violencia\/"]}]},{"@type":"BreadcrumbList","@id":"https:\/\/fundacionpdn.org\/aliados-contra-la-violencia\/#breadcrumb","itemListElement":[{"@type":"ListItem","position":1,"name":"Home","item":"https:\/\/fundacionpdn.org\/"},{"@type":"ListItem","position":2,"name":"Aliados contra la violencia"}]},{"@type":"WebSite","@id":"https:\/\/fundacionpdn.org\/#website","url":"https:\/\/fundacionpdn.org\/","name":"Fundacion Paso del Norte","description":"Organizaci\u00f3n sin fines de lucro en Ciudad Ju\u00e1rez","publisher":{"@id":"https:\/\/fundacionpdn.org\/#organization"},"potentialAction":[{"@type":"SearchAction","target":{"@type":"EntryPoint","urlTemplate":"https:\/\/fundacionpdn.org\/?s={search_term_string}"},"query-input":{"@type":"PropertyValueSpecification","valueRequired":true,"valueName":"search_term_string"}}],"inLanguage":"en-US"},{"@type":"Organization","@id":"https:\/\/fundacionpdn.org\/#organization","name":"Fundacion Paso del Norte","url":"https:\/\/fundacionpdn.org\/","logo":{"@type":"ImageObject","inLanguage":"en-US","@id":"https:\/\/fundacionpdn.org\/#\/schema\/logo\/image\/","url":"https:\/\/fundacionpdn.org\/wp-content\/uploads\/2021\/04\/isotipoArtboard-4-e1618649901781.png","contentUrl":"https:\/\/fundacionpdn.org\/wp-content\/uploads\/2021\/04\/isotipoArtboard-4-e1618649901781.png","width":1000,"height":226,"caption":"Fundacion Paso del Norte"},"image":{"@id":"https:\/\/fundacionpdn.org\/#\/schema\/logo\/image\/"},"sameAs":["https:\/\/facebook.com\/fundacionpdn","https:\/\/x.com\/fundacionpdn","https:\/\/www.youtube.com\/@fundacionpdn","https:\/\/linkedin.com\/company\/fundacionpdn"]}]}},"_links":{"self":[{"href":"https:\/\/fundacionpdn.org\/en\/wp-json\/wp\/v2\/pages\/396","targetHints":{"allow":["GET"]}}],"collection":[{"href":"https:\/\/fundacionpdn.org\/en\/wp-json\/wp\/v2\/pages"}],"about":[{"href":"https:\/\/fundacionpdn.org\/en\/wp-json\/wp\/v2\/types\/page"}],"author":[{"embeddable":true,"href":"https:\/\/fundacionpdn.org\/en\/wp-json\/wp\/v2\/users\/1"}],"replies":[{"embeddable":true,"href":"https:\/\/fundacionpdn.org\/en\/wp-json\/wp\/v2\/comments?post=396"}],"version-history":[{"count":4,"href":"https:\/\/fundacionpdn.org\/en\/wp-json\/wp\/v2\/pages\/396\/revisions"}],"predecessor-version":[{"id":4637,"href":"https:\/\/fundacionpdn.org\/en\/wp-json\/wp\/v2\/pages\/396\/revisions\/4637"}],"wp:attachment":[{"href":"https:\/\/fundacionpdn.org\/en\/wp-json\/wp\/v2\/media?parent=396"}],"curies":[{"name":"wp","href":"https:\/\/api.w.org\/{rel}","templated":true}]}}